{"id":2228,"date":"2026-07-17T20:33:21","date_gmt":"2026-07-17T18:33:21","guid":{"rendered":"https:\/\/theologos-culturalclub.com\/?post_type=veranstaltung&#038;p=2228"},"modified":"2026-09-03T21:56:52","modified_gmt":"2026-09-03T18:56:52","slug":"erinnerungen-an-die-weinlese-achtung-termin-wird-verschoben","status":"publish","type":"veranstaltung","link":"https:\/\/theologos-culturalclub.com\/de\/veranstaltung\/erinnerungen-an-die-weinlese-achtung-termin-wird-verschoben\/","title":{"rendered":"Erinnerungen an die Weinlese &#8211; ACHTUNG, Termin wird verschoben"},"content":{"rendered":"<h1 class=\"ql-align-center\"><strong>ACHTUNG, Termin wird verschoben<\/strong><\/p>\n<p>Erinnerungen an die Weinlese<br \/><\/h1>\n<p class=\"ql-align-center\"><\/p>\n<p class=\"ql-align-center\"><strong>Samstag, 12. September|&nbsp;19:30 Uhr&nbsp;|Amphitheater Potos<\/strong><\/p>\n<p class=\"ql-align-center\"><strong>Als die Weinlese Arbeit, Fest und kollektive Erinnerung war<\/strong><\/p>\n<p>\u201eErnte, Weinlese, Krieg&#8220;, sagten die Alten fr\u00fcher, um die Anspannung und die m\u00fchevolle Anstrengung zu beschreiben, die die gro\u00dfen landwirtschaftlichen Arbeiten erforderten. Die ganze Familie beteiligte sich an der Getreideernte und der Weinlese und arbeitete von fr\u00fch morgens bis sp\u00e4t abends, mit einer Anstrengung, die oft an die Grenzen der menschlichen Belastbarkeit stie\u00df.<\/p>\n<p>Der Kulturverein Theologos \u201eChatzigiorgis&#8220; widmet seine diesj\u00e4hrige Veranstaltung \u201eErinnerungen an die Weinlese&#8220; der Weinlese \u2014 einer T\u00e4tigkeit, die \u00fcber Jahrhunderte hinweg fester Bestandteil des Lebens der Bewohner von Thassos war.<\/p>\n<p>Der September, der \u201eWinzermonat&#8220;, war der Monat, in dem die Bewohner die Trauben aus den Weinbergen sammelten, um Wein, Tsipouro und andere Produkte herzustellen. Die Weinlese war jedoch nicht nur eine landwirtschaftliche Arbeit. Sie war ein kollektiver Vorgang, an dem die gesamte Gemeinschaft teilnahm.<\/p>\n<p>Der Beginn der Saison war traditionell mit dem 6. August, dem Fest der Verkl\u00e4rung des Erl\u00f6sers, verbunden, an dem die fr\u00fchen Trauben vom Priester gesegnet und an die Bewohner verteilt wurden. Ein entscheidender Zeitpunkt war der 14. September, das Fest der Kreuzerh\u00f6hung, an dem der \u00dcberlieferung nach die Trauben \u201egekreuzigt&#8220; wurden und die Weinlese begann.<\/p>\n<p>Seit der Antike war die Weinlese mit Freude, Fest und Feier verbunden. Schutzherr des Weinbergs und des Weines war Dionysos, begleitet von einer ausgelassenen, festlichen Schar: den M\u00e4naden, die in Ekstase tanzten, sowie den Satyrn und Silenen, mythischen Wesen, die menschliche und tierische Z\u00fcge vereinten. Wo immer dieser dionysische Zug vorbeizog, begann ein gro\u00dfes Fest. Die Kl\u00e4nge der Musikinstrumente, die Lieder und der Tanz verliehen der Weinlese den Charakter eines gro\u00dfen gemeinschaftlichen Festes.<\/p>\n<p>Die Weinlese ist seit jeher ein Symbol f\u00fcr den Kreislauf des Lebens, der Erneuerung und der Hoffnung. Die Ernte markiert den Abschluss eines Zyklus, zugleich aber auch die Erwartung eines neuen Anfangs.<\/p>\n<p>In vielen Regionen der Welt sind Weinlesefeste nach wie vor bedeutende kulturelle Ereignisse. Musik, Tanz, traditionelle Speisen und lokale Produkte pr\u00e4gen Feste, die Besucher und Weinliebhaber anziehen und die Weinbautradition jedes Ortes hervorheben.<\/p>\n<p>So laden auch wir Sie im Rahmen der \u201eErinnerungen an die Weinlese&#8220; zu einem gro\u00dfen Fest ein. Ein Fest, das den Erinnerungen, den Traditionen und den Menschen gewidmet ist, die die Weinlese als Arbeit, als gemeinschaftliches Erlebnis und als Fest erlebt haben.<\/p>\n<p><strong>Um uns zu erinnern.<\/strong><\/p>\n<p><strong>Um zu feiern.<\/strong><\/p>\n<p><strong>Und um eine Tradition lebendig zu halten, die sich, wie der Weinberg, jedes Jahr erneuert.<\/strong><\/p>\n<p><\/p>\n","protected":false},"featured_media":2229,"template":"","class_list":["post-2228","veranstaltung","type-veranstaltung","status-publish","has-post-thumbnail","hentry"],"acf":[],"yoast_head":"<!-- This site is optimized with the Yoast SEO plugin v28.3 - https:\/\/yoast.com\/product\/yoast-seo-wordpress\/ -->\n<title>Erinnerungen an die Weinlese - ACHTUNG, Termin wird verschoben - theologos-culturalclub.com<\/title>\n<meta name=\"robots\" content=\"index, follow, max-snippet:-1, max-image-preview:large, max-video-preview:-1\" \/>\n<link rel=\"canonical\" href=\"https:\/\/theologos-culturalclub.com\/de\/veranstaltung\/erinnerungen-an-die-weinlese-achtung-termin-wird-verschoben\/\" \/>\n<meta property=\"og:locale\" content=\"de_DE\" \/>\n<meta property=\"og:type\" content=\"article\" \/>\n<meta property=\"og:title\" content=\"Erinnerungen an die Weinlese - ACHTUNG, Termin wird verschoben - theologos-culturalclub.com\" \/>\n<meta property=\"og:description\" content=\"ACHTUNG, Termin wird verschoben Erinnerungen an die Weinlese Samstag, 12. September|&nbsp;19:30 Uhr&nbsp;|Amphitheater Potos Als die Weinlese Arbeit, Fest und kollektive Erinnerung war \u201eErnte, Weinlese, Krieg&#8220;, sagten die Alten fr\u00fcher, um die Anspannung und die m\u00fchevolle Anstrengung zu beschreiben, die die gro\u00dfen landwirtschaftlichen Arbeiten erforderten. Die ganze Familie beteiligte sich an der Getreideernte und der Weinlese [&hellip;]\" \/>\n<meta property=\"og:url\" content=\"https:\/\/theologos-culturalclub.com\/de\/veranstaltung\/erinnerungen-an-die-weinlese-achtung-termin-wird-verschoben\/\" \/>\n<meta property=\"og:site_name\" content=\"theologos-culturalclub.com\" \/>\n<meta property=\"article:modified_time\" content=\"2026-09-03T18:56:52+00:00\" \/>\n<meta property=\"og:image\" content=\"https:\/\/theologos-culturalclub.com\/wp-content\/uploads\/fmt_redaktion\/veranstaltung\/2026\/55-546418450_25241665695431515_1533130194715946377_n.jpg\" \/>\n\t<meta property=\"og:image:width\" content=\"1880\" \/>\n\t<meta property=\"og:image:height\" content=\"1576\" \/>\n\t<meta property=\"og:image:type\" content=\"image\/jpeg\" \/>\n<meta name=\"twitter:label1\" content=\"Gesch\u00e4tzte Lesezeit\" \/>\n\t<meta name=\"twitter:data1\" content=\"2\u00a0Minuten\" \/>\n<script type=\"application\/ld+json\" class=\"yoast-schema-graph\">{\"@context\":\"https:\\\/\\\/schema.org\",\"@graph\":[{\"@type\":\"WebPage\",\"@id\":\"https:\\\/\\\/theologos-culturalclub.com\\\/de\\\/veranstaltung\\\/erinnerungen-an-die-weinlese-achtung-termin-wird-verschoben\\\/\",\"url\":\"https:\\\/\\\/theologos-culturalclub.com\\\/de\\\/veranstaltung\\\/erinnerungen-an-die-weinlese-achtung-termin-wird-verschoben\\\/\",\"name\":\"Erinnerungen an die Weinlese - ACHTUNG, Termin wird verschoben - theologos-culturalclub.com\",\"isPartOf\":{\"@id\":\"https:\\\/\\\/theologos-culturalclub.com\\\/de\\\/#website\"},\"primaryImageOfPage\":{\"@id\":\"https:\\\/\\\/theologos-culturalclub.com\\\/de\\\/veranstaltung\\\/erinnerungen-an-die-weinlese-achtung-termin-wird-verschoben\\\/#primaryimage\"},\"image\":{\"@id\":\"https:\\\/\\\/theologos-culturalclub.com\\\/de\\\/veranstaltung\\\/erinnerungen-an-die-weinlese-achtung-termin-wird-verschoben\\\/#primaryimage\"},\"thumbnailUrl\":\"https:\\\/\\\/theologos-culturalclub.com\\\/wp-content\\\/uploads\\\/fmt_redaktion\\\/veranstaltung\\\/2026\\\/55-546418450_25241665695431515_1533130194715946377_n.jpg\",\"datePublished\":\"2026-07-17T18:33:21+00:00\",\"dateModified\":\"2026-09-03T18:56:52+00:00\",\"breadcrumb\":{\"@id\":\"https:\\\/\\\/theologos-culturalclub.com\\\/de\\\/veranstaltung\\\/erinnerungen-an-die-weinlese-achtung-termin-wird-verschoben\\\/#breadcrumb\"},\"inLanguage\":\"de\",\"potentialAction\":[{\"@type\":\"ReadAction\",\"target\":[\"https:\\\/\\\/theologos-culturalclub.com\\\/de\\\/veranstaltung\\\/erinnerungen-an-die-weinlese-achtung-termin-wird-verschoben\\\/\"]}]},{\"@type\":\"ImageObject\",\"inLanguage\":\"de\",\"@id\":\"https:\\\/\\\/theologos-culturalclub.com\\\/de\\\/veranstaltung\\\/erinnerungen-an-die-weinlese-achtung-termin-wird-verschoben\\\/#primaryimage\",\"url\":\"https:\\\/\\\/theologos-culturalclub.com\\\/wp-content\\\/uploads\\\/fmt_redaktion\\\/veranstaltung\\\/2026\\\/55-546418450_25241665695431515_1533130194715946377_n.jpg\",\"contentUrl\":\"https:\\\/\\\/theologos-culturalclub.com\\\/wp-content\\\/uploads\\\/fmt_redaktion\\\/veranstaltung\\\/2026\\\/55-546418450_25241665695431515_1533130194715946377_n.jpg\",\"width\":1880,\"height\":1576},{\"@type\":\"BreadcrumbList\",\"@id\":\"https:\\\/\\\/theologos-culturalclub.com\\\/de\\\/veranstaltung\\\/erinnerungen-an-die-weinlese-achtung-termin-wird-verschoben\\\/#breadcrumb\",\"itemListElement\":[{\"@type\":\"ListItem\",\"position\":1,\"name\":\"Start\",\"item\":\"https:\\\/\\\/theologos-culturalclub.com\\\/de\\\/\"},{\"@type\":\"ListItem\",\"position\":2,\"name\":\"Veranstaltungen\",\"item\":\"https:\\\/\\\/theologos-culturalclub.com\\\/de\\\/veranstaltung\\\/\"},{\"@type\":\"ListItem\",\"position\":3,\"name\":\"Erinnerungen an die Weinlese &#8211; ACHTUNG, Termin wird verschoben\"}]},{\"@type\":\"WebSite\",\"@id\":\"https:\\\/\\\/theologos-culturalclub.com\\\/de\\\/#website\",\"url\":\"https:\\\/\\\/theologos-culturalclub.com\\\/de\\\/\",\"name\":\"\u03a0\u03bf\u03bb\u03b9\u03c4\u03b9\u03c3\u03c4\u03b9\u03ba\u03cc\u03c2 \u03a3\u03cd\u03bb\u03bb\u03bf\u03b3\u03bf\u03c2 \u00ab\u0398\u03b5\u03cc\u03bb\u03bf\u03b3\u03bf\u03c2\u00bb\",\"description\":\"\u0391\u03c5\u03c4\u03ae \u03b5\u03af\u03bd\u03b1\u03b9 \u03b7 \u03b9\u03c3\u03c4\u03bf\u03c3\u03b5\u03bb\u03af\u03b4\u03b1 \u03c4\u03bf\u03c5 \u03a0\u03bf\u03bb\u03b9\u03c4\u03b9\u03c3\u03c4\u03b9\u03ba\u03bf\u03cd \u03a3\u03c5\u03bb\u03bb\u03cc\u03b3\u03bf\u03c5 \u00ab\u0398\u03b5\u03bf\u03bb\u03cc\u03b3\u03bf\u03c2\u00bb.\",\"publisher\":{\"@id\":\"https:\\\/\\\/theologos-culturalclub.com\\\/de\\\/#organization\"},\"alternateName\":\"\u0391\u03c5\u03c4\u03ae \u03b5\u03af\u03bd\u03b1\u03b9 \u03b7 \u03b9\u03c3\u03c4\u03bf\u03c3\u03b5\u03bb\u03af\u03b4\u03b1 \u03c4\u03bf\u03c5 \u03a0\u03bf\u03bb\u03b9\u03c4\u03b9\u03c3\u03c4\u03b9\u03ba\u03bf\u03cd \u03a3\u03c5\u03bb\u03bb\u03cc\u03b3\u03bf\u03c5 \u00ab\u0398\u03b5\u03bf\u03bb\u03cc\u03b3\u03bf\u03c2\u00bb.\",\"potentialAction\":[{\"@type\":\"SearchAction\",\"target\":{\"@type\":\"EntryPoint\",\"urlTemplate\":\"https:\\\/\\\/theologos-culturalclub.com\\\/de\\\/?s={search_term_string}\"},\"query-input\":{\"@type\":\"PropertyValueSpecification\",\"valueRequired\":true,\"valueName\":\"search_term_string\"}}],\"inLanguage\":\"de\"},{\"@type\":\"Organization\",\"@id\":\"https:\\\/\\\/theologos-culturalclub.com\\\/de\\\/#organization\",\"name\":\"\u03a0\u03bf\u03bb\u03b9\u03c4\u03b9\u03c3\u03c4\u03b9\u03ba\u03cc\u03c2 \u03a3\u03cd\u03bb\u03bb\u03bf\u03b3\u03bf\u03c2 \u00ab\u0398\u03b5\u03cc\u03bb\u03bf\u03b3\u03bf\u03c2\u00bb\",\"alternateName\":\"\u03a0\u03bf\u03bb\u03b9\u03c4\u03b9\u03c3\u03c4\u03b9\u03ba\u03cc\u03c2 \u03a3\u03cd\u03bb\u03bb\u03bf\u03b3\u03bf\u03c2 \u00ab\u0398\u03b5\u03cc\u03bb\u03bf\u03b3\u03bf\u03c2\u00bb\",\"url\":\"https:\\\/\\\/theologos-culturalclub.com\\\/de\\\/\",\"logo\":{\"@type\":\"ImageObject\",\"inLanguage\":\"de\",\"@id\":\"https:\\\/\\\/theologos-culturalclub.com\\\/de\\\/#\\\/schema\\\/logo\\\/image\\\/\",\"url\":\"https:\\\/\\\/theologos-culturalclub.com\\\/wp-content\\\/uploads\\\/fmt-logo_696_2.png\",\"contentUrl\":\"https:\\\/\\\/theologos-culturalclub.com\\\/wp-content\\\/uploads\\\/fmt-logo_696_2.png\",\"width\":696,\"height\":696,\"caption\":\"\u03a0\u03bf\u03bb\u03b9\u03c4\u03b9\u03c3\u03c4\u03b9\u03ba\u03cc\u03c2 \u03a3\u03cd\u03bb\u03bb\u03bf\u03b3\u03bf\u03c2 \u00ab\u0398\u03b5\u03cc\u03bb\u03bf\u03b3\u03bf\u03c2\u00bb\"},\"image\":{\"@id\":\"https:\\\/\\\/theologos-culturalclub.com\\\/de\\\/#\\\/schema\\\/logo\\\/image\\\/\"}}]}<\/script>\n<!-- \/ Yoast SEO plugin. -->","yoast_head_json":{"title":"Erinnerungen an die Weinlese - ACHTUNG, Termin wird verschoben - theologos-culturalclub.com","robots":{"index":"index","follow":"follow","max-snippet":"max-snippet:-1","max-image-preview":"max-image-preview:large","max-video-preview":"max-video-preview:-1"},"canonical":"https:\/\/theologos-culturalclub.com\/de\/veranstaltung\/erinnerungen-an-die-weinlese-achtung-termin-wird-verschoben\/","og_locale":"de_DE","og_type":"article","og_title":"Erinnerungen an die Weinlese - ACHTUNG, Termin wird verschoben - theologos-culturalclub.com","og_description":"ACHTUNG, Termin wird verschoben Erinnerungen an die Weinlese Samstag, 12. September|&nbsp;19:30 Uhr&nbsp;|Amphitheater Potos Als die Weinlese Arbeit, Fest und kollektive Erinnerung war \u201eErnte, Weinlese, Krieg&#8220;, sagten die Alten fr\u00fcher, um die Anspannung und die m\u00fchevolle Anstrengung zu beschreiben, die die gro\u00dfen landwirtschaftlichen Arbeiten erforderten. Die ganze Familie beteiligte sich an der Getreideernte und der Weinlese [&hellip;]","og_url":"https:\/\/theologos-culturalclub.com\/de\/veranstaltung\/erinnerungen-an-die-weinlese-achtung-termin-wird-verschoben\/","og_site_name":"theologos-culturalclub.com","article_modified_time":"2026-09-03T18:56:52+00:00","og_image":[{"width":1880,"height":1576,"url":"https:\/\/theologos-culturalclub.com\/wp-content\/uploads\/fmt_redaktion\/veranstaltung\/2026\/55-546418450_25241665695431515_1533130194715946377_n.jpg","type":"image\/jpeg"}],"twitter_misc":{"Gesch\u00e4tzte Lesezeit":"2\u00a0Minuten"},"schema":{"@context":"https:\/\/schema.org","@graph":[{"@type":"WebPage","@id":"https:\/\/theologos-culturalclub.com\/de\/veranstaltung\/erinnerungen-an-die-weinlese-achtung-termin-wird-verschoben\/","url":"https:\/\/theologos-culturalclub.com\/de\/veranstaltung\/erinnerungen-an-die-weinlese-achtung-termin-wird-verschoben\/","name":"Erinnerungen an die Weinlese - ACHTUNG, Termin wird verschoben - theologos-culturalclub.com","isPartOf":{"@id":"https:\/\/theologos-culturalclub.com\/de\/#website"},"primaryImageOfPage":{"@id":"https:\/\/theologos-culturalclub.com\/de\/veranstaltung\/erinnerungen-an-die-weinlese-achtung-termin-wird-verschoben\/#primaryimage"},"image":{"@id":"https:\/\/theologos-culturalclub.com\/de\/veranstaltung\/erinnerungen-an-die-weinlese-achtung-termin-wird-verschoben\/#primaryimage"},"thumbnailUrl":"https:\/\/theologos-culturalclub.com\/wp-content\/uploads\/fmt_redaktion\/veranstaltung\/2026\/55-546418450_25241665695431515_1533130194715946377_n.jpg","datePublished":"2026-07-17T18:33:21+00:00","dateModified":"2026-09-03T18:56:52+00:00","breadcrumb":{"@id":"https:\/\/theologos-culturalclub.com\/de\/veranstaltung\/erinnerungen-an-die-weinlese-achtung-termin-wird-verschoben\/#breadcrumb"},"inLanguage":"de","potentialAction":[{"@type":"ReadAction","target":["https:\/\/theologos-culturalclub.com\/de\/veranstaltung\/erinnerungen-an-die-weinlese-achtung-termin-wird-verschoben\/"]}]},{"@type":"ImageObject","inLanguage":"de","@id":"https:\/\/theologos-culturalclub.com\/de\/veranstaltung\/erinnerungen-an-die-weinlese-achtung-termin-wird-verschoben\/#primaryimage","url":"https:\/\/theologos-culturalclub.com\/wp-content\/uploads\/fmt_redaktion\/veranstaltung\/2026\/55-546418450_25241665695431515_1533130194715946377_n.jpg","contentUrl":"https:\/\/theologos-culturalclub.com\/wp-content\/uploads\/fmt_redaktion\/veranstaltung\/2026\/55-546418450_25241665695431515_1533130194715946377_n.jpg","width":1880,"height":1576},{"@type":"BreadcrumbList","@id":"https:\/\/theologos-culturalclub.com\/de\/veranstaltung\/erinnerungen-an-die-weinlese-achtung-termin-wird-verschoben\/#breadcrumb","itemListElement":[{"@type":"ListItem","position":1,"name":"Start","item":"https:\/\/theologos-culturalclub.com\/de\/"},{"@type":"ListItem","position":2,"name":"Veranstaltungen","item":"https:\/\/theologos-culturalclub.com\/de\/veranstaltung\/"},{"@type":"ListItem","position":3,"name":"Erinnerungen an die Weinlese &#8211; ACHTUNG, Termin wird verschoben"}]},{"@type":"WebSite","@id":"https:\/\/theologos-culturalclub.com\/de\/#website","url":"https:\/\/theologos-culturalclub.com\/de\/","name":"\u03a0\u03bf\u03bb\u03b9\u03c4\u03b9\u03c3\u03c4\u03b9\u03ba\u03cc\u03c2 \u03a3\u03cd\u03bb\u03bb\u03bf\u03b3\u03bf\u03c2 \u00ab\u0398\u03b5\u03cc\u03bb\u03bf\u03b3\u03bf\u03c2\u00bb","description":"\u0391\u03c5\u03c4\u03ae \u03b5\u03af\u03bd\u03b1\u03b9 \u03b7 \u03b9\u03c3\u03c4\u03bf\u03c3\u03b5\u03bb\u03af\u03b4\u03b1 \u03c4\u03bf\u03c5 \u03a0\u03bf\u03bb\u03b9\u03c4\u03b9\u03c3\u03c4\u03b9\u03ba\u03bf\u03cd \u03a3\u03c5\u03bb\u03bb\u03cc\u03b3\u03bf\u03c5 \u00ab\u0398\u03b5\u03bf\u03bb\u03cc\u03b3\u03bf\u03c2\u00bb.","publisher":{"@id":"https:\/\/theologos-culturalclub.com\/de\/#organization"},"alternateName":"\u0391\u03c5\u03c4\u03ae \u03b5\u03af\u03bd\u03b1\u03b9 \u03b7 \u03b9\u03c3\u03c4\u03bf\u03c3\u03b5\u03bb\u03af\u03b4\u03b1 \u03c4\u03bf\u03c5 \u03a0\u03bf\u03bb\u03b9\u03c4\u03b9\u03c3\u03c4\u03b9\u03ba\u03bf\u03cd \u03a3\u03c5\u03bb\u03bb\u03cc\u03b3\u03bf\u03c5 \u00ab\u0398\u03b5\u03bf\u03bb\u03cc\u03b3\u03bf\u03c2\u00bb.","potentialAction":[{"@type":"SearchAction","target":{"@type":"EntryPoint","urlTemplate":"https:\/\/theologos-culturalclub.com\/de\/?s={search_term_string}"},"query-input":{"@type":"PropertyValueSpecification","valueRequired":true,"valueName":"search_term_string"}}],"inLanguage":"de"},{"@type":"Organization","@id":"https:\/\/theologos-culturalclub.com\/de\/#organization","name":"\u03a0\u03bf\u03bb\u03b9\u03c4\u03b9\u03c3\u03c4\u03b9\u03ba\u03cc\u03c2 \u03a3\u03cd\u03bb\u03bb\u03bf\u03b3\u03bf\u03c2 \u00ab\u0398\u03b5\u03cc\u03bb\u03bf\u03b3\u03bf\u03c2\u00bb","alternateName":"\u03a0\u03bf\u03bb\u03b9\u03c4\u03b9\u03c3\u03c4\u03b9\u03ba\u03cc\u03c2 \u03a3\u03cd\u03bb\u03bb\u03bf\u03b3\u03bf\u03c2 \u00ab\u0398\u03b5\u03cc\u03bb\u03bf\u03b3\u03bf\u03c2\u00bb","url":"https:\/\/theologos-culturalclub.com\/de\/","logo":{"@type":"ImageObject","inLanguage":"de","@id":"https:\/\/theologos-culturalclub.com\/de\/#\/schema\/logo\/image\/","url":"https:\/\/theologos-culturalclub.com\/wp-content\/uploads\/fmt-logo_696_2.png","contentUrl":"https:\/\/theologos-culturalclub.com\/wp-content\/uploads\/fmt-logo_696_2.png","width":696,"height":696,"caption":"\u03a0\u03bf\u03bb\u03b9\u03c4\u03b9\u03c3\u03c4\u03b9\u03ba\u03cc\u03c2 \u03a3\u03cd\u03bb\u03bb\u03bf\u03b3\u03bf\u03c2 \u00ab\u0398\u03b5\u03cc\u03bb\u03bf\u03b3\u03bf\u03c2\u00bb"},"image":{"@id":"https:\/\/theologos-culturalclub.com\/de\/#\/schema\/logo\/image\/"}}]}},"_links":{"self":[{"href":"https:\/\/theologos-culturalclub.com\/de\/wp-json\/wp\/v2\/veranstaltung\/2228","targetHints":{"allow":["GET"]}}],"collection":[{"href":"https:\/\/theologos-culturalclub.com\/de\/wp-json\/wp\/v2\/veranstaltung"}],"about":[{"href":"https:\/\/theologos-culturalclub.com\/de\/wp-json\/wp\/v2\/types\/veranstaltung"}],"wp:featuredmedia":[{"embeddable":true,"href":"https:\/\/theologos-culturalclub.com\/de\/wp-json\/wp\/v2\/media\/2229"}],"wp:attachment":[{"href":"https:\/\/theologos-culturalclub.com\/de\/wp-json\/wp\/v2\/media?parent=2228"}],"curies":[{"name":"wp","href":"https:\/\/api.w.org\/{rel}","templated":true}]}}