{"id":2185,"date":"2026-07-17T17:42:59","date_gmt":"2026-07-17T15:42:59","guid":{"rendered":"https:\/\/theologos-culturalclub.com\/?post_type=veranstaltung&#038;p=2185"},"modified":"2026-07-27T00:15:34","modified_gmt":"2026-07-26T21:15:34","slug":"als-die-wassermuehlen-liefen","status":"publish","type":"veranstaltung","link":"https:\/\/theologos-culturalclub.com\/de\/veranstaltung\/als-die-wassermuehlen-liefen\/","title":{"rendered":"\u201eAugust, Herr August&#8220; &#8211; Ein R\u00fcckblick auf die Zeit \u201eals die Wasserm\u00fchlen noch liefen&#8220;"},"content":{"rendered":"<h1 class=\"ql-align-center\">Sommerveranstaltungen 2026<\/h1>\n<p class=\"ql-align-center\"><strong>\u201eAugust, Herr August&#8220;<\/strong><\/p>\n<p class=\"ql-align-center\"><strong>Ein R\u00fcckblick auf die Zeit \u201eals die Wasserm\u00fchlen noch liefen&#8220;<\/strong><\/p>\n<p class=\"ql-align-center\"><strong>Freitag, 31. Juli 2026|&nbsp;21:00 Uhr&nbsp;|Hauptplatz von Theologos<\/strong><\/p>\n<p class=\"ql-align-justify\">Der Kulturverein Theologos \u201eChatzigiorgis&#8220; begr\u00fc\u00dft den August mit einer besonderen Veranstaltung, die den Traditionen, Geschm\u00e4ckern und Erinnerungen einer anderen Zeit gewidmet ist.<\/p>\n<p class=\"ql-align-justify\">In Theologos wird seit vielen Jahren der Brauch gepflegt, den Vorabend des ersten Augusttages mit dem Entz\u00fcnden von Feuern zu feiern. Das Fest markiert den \u00dcbergang vom Juli, dem \u201eSchnitter&#8220;(der Monat des Getreideschnitts und der Ernte) , zum August \u2014 einem Monat, der traditionell mit der F\u00fclle an Fr\u00fcchten und Ertr\u00e4gen verbunden war.<\/p>\n<p class=\"ql-align-center\"><strong>\u201eAugust, Herr August,<\/strong><\/p>\n<p class=\"ql-align-center\"><strong>mit Feigen, mit Waln\u00fcssen<\/strong><\/p>\n<p class=\"ql-align-center\"><strong>und mit roten Trauben,&#8220;<\/strong><\/p>\n<p class=\"ql-align-center\">sagt der alte Volksreim.<\/p>\n<p class=\"ql-align-justify\">Der August war auch die Zeit, in der die Getreidem\u00fchlen auf Hochtouren liefen. Die M\u00fcller nahmen einen wichtigen Platz im t\u00e4glichen Leben der Gemeinschaft ein, wie die zahlreichen Lieder und volkst\u00fcmlichen \u00dcberlieferungen aus Theologos bezeugen.<\/p>\n<p class=\"ql-align-justify\">Die heutige Form des Festes besteht seit <strong>18 Jahren<\/strong> und setzt einen \u00e4lteren Brauch fort, der fr\u00fcher jedes Jahr am selben Tag in den Vierteln von Theologos wiederbelebt wurde.<\/p>\n<p class=\"ql-align-justify\">Heute ist die Veranstaltung ein umfassenderer R\u00fcckblick auf eine Welt, die viele von uns kannten oder von fr\u00fcheren Generationen erz\u00e4hlt bekamen. Eine Welt mit saftig gr\u00fcnen G\u00e4rten, fruchtbaren Feldern und B\u00e4umen voller Fr\u00fcchte.<\/p>\n<p class=\"ql-align-justify\">Eine Zeit, in der der Mensch der Natur n\u00e4her stand und der Begriff <strong>\u201ewir&#8220;<\/strong> einen gr\u00f6\u00dferen Stellenwert hatte als das <strong>\u201eich&#8220;<\/strong>. Die Menschen feierten die Jahreszeiten, begr\u00fc\u00dften die neue Periode und verabschiedeten die vorherige, dem nat\u00fcrlichen Kreislauf des Lebens und der Arbeit folgend.<\/p>\n<p class=\"ql-align-justify\">So verabschiedete sich Theologos am letzten Julitag von der Erntezeit und begr\u00fc\u00dfte den August \u2014 den Monat der neuen Ernte, der Fr\u00fcchte und Ertr\u00e4ge.<\/p>\n<p class=\"ql-align-justify\">Mit Liedern, Geschm\u00e4ckern und Erinnerungen entf\u00fchrt uns das Fest in die Zeit, als die Wasserm\u00fchlen zum Mahlen anliefen, die M\u00fcller sangen und der Klang des Wassers, der M\u00fchlsteine und des Alltags den Ort erf\u00fcllte.<\/p>\n<p class=\"ql-align-justify\">Die Veranstaltung umfasst auch eine <strong>Verkostung der lokalen Sommerk\u00fcche<\/strong>, bei der Geschm\u00e4cker und Produkte pr\u00e4sentiert werden, die mit dem August und dem traditionellen Leben von Theologos verbunden sind.<\/p>\n<p class=\"ql-align-justify\"><strong>Ein Abend, gewidmet der Erinnerung, der Tradition, der Natur und den Geschm\u00e4ckern einer Welt, die sich ver\u00e4ndern mag, aber nicht vergessen werden darf.<\/strong><\/p>\n<p class=\"ql-align-center\"><\/p>\n<p><\/p>\n","protected":false},"featured_media":2186,"template":"","class_list":["post-2185","veranstaltung","type-veranstaltung","status-publish","has-post-thumbnail","hentry"],"acf":[],"yoast_head":"<!-- This site is optimized with the Yoast SEO plugin v28.3 - https:\/\/yoast.com\/product\/yoast-seo-wordpress\/ -->\n<title>\u201eAugust, Herr August&quot; - Ein R\u00fcckblick auf die Zeit \u201eals die Wasserm\u00fchlen noch liefen&quot; - theologos-culturalclub.com<\/title>\n<meta name=\"robots\" content=\"index, follow, max-snippet:-1, max-image-preview:large, max-video-preview:-1\" \/>\n<link rel=\"canonical\" href=\"https:\/\/theologos-culturalclub.com\/de\/veranstaltung\/als-die-wassermuehlen-liefen\/\" \/>\n<meta property=\"og:locale\" content=\"de_DE\" \/>\n<meta property=\"og:type\" content=\"article\" \/>\n<meta property=\"og:title\" content=\"\u201eAugust, Herr August&quot; - Ein R\u00fcckblick auf die Zeit \u201eals die Wasserm\u00fchlen noch liefen&quot; - theologos-culturalclub.com\" \/>\n<meta property=\"og:description\" content=\"Sommerveranstaltungen 2026 \u201eAugust, Herr August&#8220; Ein R\u00fcckblick auf die Zeit \u201eals die Wasserm\u00fchlen noch liefen&#8220; Freitag, 31. Juli 2026|&nbsp;21:00 Uhr&nbsp;|Hauptplatz von Theologos Der Kulturverein Theologos \u201eChatzigiorgis&#8220; begr\u00fc\u00dft den August mit einer besonderen Veranstaltung, die den Traditionen, Geschm\u00e4ckern und Erinnerungen einer anderen Zeit gewidmet ist. In Theologos wird seit vielen Jahren der Brauch gepflegt, den Vorabend [&hellip;]\" \/>\n<meta property=\"og:url\" content=\"https:\/\/theologos-culturalclub.com\/de\/veranstaltung\/als-die-wassermuehlen-liefen\/\" \/>\n<meta property=\"og:site_name\" content=\"theologos-culturalclub.com\" \/>\n<meta property=\"article:modified_time\" content=\"2026-07-26T21:15:34+00:00\" \/>\n<meta property=\"og:image\" content=\"https:\/\/theologos-culturalclub.com\/wp-content\/uploads\/fmt_redaktion\/veranstaltung\/2026\/34-527794292_24902441906020564_2586218886067891594_n.jpg\" \/>\n\t<meta property=\"og:image:width\" content=\"1880\" \/>\n\t<meta property=\"og:image:height\" content=\"1576\" \/>\n\t<meta property=\"og:image:type\" content=\"image\/jpeg\" \/>\n<meta name=\"twitter:label1\" content=\"Gesch\u00e4tzte Lesezeit\" \/>\n\t<meta name=\"twitter:data1\" content=\"2\u00a0Minuten\" \/>\n<script type=\"application\/ld+json\" class=\"yoast-schema-graph\">{\"@context\":\"https:\\\/\\\/schema.org\",\"@graph\":[{\"@type\":\"WebPage\",\"@id\":\"https:\\\/\\\/theologos-culturalclub.com\\\/de\\\/veranstaltung\\\/als-die-wassermuehlen-liefen\\\/\",\"url\":\"https:\\\/\\\/theologos-culturalclub.com\\\/de\\\/veranstaltung\\\/als-die-wassermuehlen-liefen\\\/\",\"name\":\"\u201eAugust, Herr August\\\" - Ein R\u00fcckblick auf die Zeit \u201eals die Wasserm\u00fchlen noch liefen\\\" - theologos-culturalclub.com\",\"isPartOf\":{\"@id\":\"https:\\\/\\\/theologos-culturalclub.com\\\/de\\\/#website\"},\"primaryImageOfPage\":{\"@id\":\"https:\\\/\\\/theologos-culturalclub.com\\\/de\\\/veranstaltung\\\/als-die-wassermuehlen-liefen\\\/#primaryimage\"},\"image\":{\"@id\":\"https:\\\/\\\/theologos-culturalclub.com\\\/de\\\/veranstaltung\\\/als-die-wassermuehlen-liefen\\\/#primaryimage\"},\"thumbnailUrl\":\"https:\\\/\\\/theologos-culturalclub.com\\\/wp-content\\\/uploads\\\/fmt_redaktion\\\/veranstaltung\\\/2026\\\/34-527794292_24902441906020564_2586218886067891594_n.jpg\",\"datePublished\":\"2026-07-17T15:42:59+00:00\",\"dateModified\":\"2026-07-26T21:15:34+00:00\",\"breadcrumb\":{\"@id\":\"https:\\\/\\\/theologos-culturalclub.com\\\/de\\\/veranstaltung\\\/als-die-wassermuehlen-liefen\\\/#breadcrumb\"},\"inLanguage\":\"de\",\"potentialAction\":[{\"@type\":\"ReadAction\",\"target\":[\"https:\\\/\\\/theologos-culturalclub.com\\\/de\\\/veranstaltung\\\/als-die-wassermuehlen-liefen\\\/\"]}]},{\"@type\":\"ImageObject\",\"inLanguage\":\"de\",\"@id\":\"https:\\\/\\\/theologos-culturalclub.com\\\/de\\\/veranstaltung\\\/als-die-wassermuehlen-liefen\\\/#primaryimage\",\"url\":\"https:\\\/\\\/theologos-culturalclub.com\\\/wp-content\\\/uploads\\\/fmt_redaktion\\\/veranstaltung\\\/2026\\\/34-527794292_24902441906020564_2586218886067891594_n.jpg\",\"contentUrl\":\"https:\\\/\\\/theologos-culturalclub.com\\\/wp-content\\\/uploads\\\/fmt_redaktion\\\/veranstaltung\\\/2026\\\/34-527794292_24902441906020564_2586218886067891594_n.jpg\",\"width\":1880,\"height\":1576},{\"@type\":\"BreadcrumbList\",\"@id\":\"https:\\\/\\\/theologos-culturalclub.com\\\/de\\\/veranstaltung\\\/als-die-wassermuehlen-liefen\\\/#breadcrumb\",\"itemListElement\":[{\"@type\":\"ListItem\",\"position\":1,\"name\":\"Start\",\"item\":\"https:\\\/\\\/theologos-culturalclub.com\\\/de\\\/\"},{\"@type\":\"ListItem\",\"position\":2,\"name\":\"Veranstaltungen\",\"item\":\"https:\\\/\\\/theologos-culturalclub.com\\\/de\\\/veranstaltung\\\/\"},{\"@type\":\"ListItem\",\"position\":3,\"name\":\"\u201eAugust, Herr August&#8220; &#8211; Ein R\u00fcckblick auf die Zeit \u201eals die Wasserm\u00fchlen noch liefen&#8220;\"}]},{\"@type\":\"WebSite\",\"@id\":\"https:\\\/\\\/theologos-culturalclub.com\\\/de\\\/#website\",\"url\":\"https:\\\/\\\/theologos-culturalclub.com\\\/de\\\/\",\"name\":\"\u03a0\u03bf\u03bb\u03b9\u03c4\u03b9\u03c3\u03c4\u03b9\u03ba\u03cc\u03c2 \u03a3\u03cd\u03bb\u03bb\u03bf\u03b3\u03bf\u03c2 \u00ab\u0398\u03b5\u03cc\u03bb\u03bf\u03b3\u03bf\u03c2\u00bb\",\"description\":\"\u0391\u03c5\u03c4\u03ae \u03b5\u03af\u03bd\u03b1\u03b9 \u03b7 \u03b9\u03c3\u03c4\u03bf\u03c3\u03b5\u03bb\u03af\u03b4\u03b1 \u03c4\u03bf\u03c5 \u03a0\u03bf\u03bb\u03b9\u03c4\u03b9\u03c3\u03c4\u03b9\u03ba\u03bf\u03cd \u03a3\u03c5\u03bb\u03bb\u03cc\u03b3\u03bf\u03c5 \u00ab\u0398\u03b5\u03bf\u03bb\u03cc\u03b3\u03bf\u03c2\u00bb.\",\"publisher\":{\"@id\":\"https:\\\/\\\/theologos-culturalclub.com\\\/de\\\/#organization\"},\"alternateName\":\"\u0391\u03c5\u03c4\u03ae \u03b5\u03af\u03bd\u03b1\u03b9 \u03b7 \u03b9\u03c3\u03c4\u03bf\u03c3\u03b5\u03bb\u03af\u03b4\u03b1 \u03c4\u03bf\u03c5 \u03a0\u03bf\u03bb\u03b9\u03c4\u03b9\u03c3\u03c4\u03b9\u03ba\u03bf\u03cd \u03a3\u03c5\u03bb\u03bb\u03cc\u03b3\u03bf\u03c5 \u00ab\u0398\u03b5\u03bf\u03bb\u03cc\u03b3\u03bf\u03c2\u00bb.\",\"potentialAction\":[{\"@type\":\"SearchAction\",\"target\":{\"@type\":\"EntryPoint\",\"urlTemplate\":\"https:\\\/\\\/theologos-culturalclub.com\\\/de\\\/?s={search_term_string}\"},\"query-input\":{\"@type\":\"PropertyValueSpecification\",\"valueRequired\":true,\"valueName\":\"search_term_string\"}}],\"inLanguage\":\"de\"},{\"@type\":\"Organization\",\"@id\":\"https:\\\/\\\/theologos-culturalclub.com\\\/de\\\/#organization\",\"name\":\"\u03a0\u03bf\u03bb\u03b9\u03c4\u03b9\u03c3\u03c4\u03b9\u03ba\u03cc\u03c2 \u03a3\u03cd\u03bb\u03bb\u03bf\u03b3\u03bf\u03c2 \u00ab\u0398\u03b5\u03cc\u03bb\u03bf\u03b3\u03bf\u03c2\u00bb\",\"alternateName\":\"\u03a0\u03bf\u03bb\u03b9\u03c4\u03b9\u03c3\u03c4\u03b9\u03ba\u03cc\u03c2 \u03a3\u03cd\u03bb\u03bb\u03bf\u03b3\u03bf\u03c2 \u00ab\u0398\u03b5\u03cc\u03bb\u03bf\u03b3\u03bf\u03c2\u00bb\",\"url\":\"https:\\\/\\\/theologos-culturalclub.com\\\/de\\\/\",\"logo\":{\"@type\":\"ImageObject\",\"inLanguage\":\"de\",\"@id\":\"https:\\\/\\\/theologos-culturalclub.com\\\/de\\\/#\\\/schema\\\/logo\\\/image\\\/\",\"url\":\"https:\\\/\\\/theologos-culturalclub.com\\\/wp-content\\\/uploads\\\/fmt-logo_696_2.png\",\"contentUrl\":\"https:\\\/\\\/theologos-culturalclub.com\\\/wp-content\\\/uploads\\\/fmt-logo_696_2.png\",\"width\":696,\"height\":696,\"caption\":\"\u03a0\u03bf\u03bb\u03b9\u03c4\u03b9\u03c3\u03c4\u03b9\u03ba\u03cc\u03c2 \u03a3\u03cd\u03bb\u03bb\u03bf\u03b3\u03bf\u03c2 \u00ab\u0398\u03b5\u03cc\u03bb\u03bf\u03b3\u03bf\u03c2\u00bb\"},\"image\":{\"@id\":\"https:\\\/\\\/theologos-culturalclub.com\\\/de\\\/#\\\/schema\\\/logo\\\/image\\\/\"}}]}<\/script>\n<!-- \/ Yoast SEO plugin. -->","yoast_head_json":{"title":"\u201eAugust, Herr August\" - Ein R\u00fcckblick auf die Zeit \u201eals die Wasserm\u00fchlen noch liefen\" - theologos-culturalclub.com","robots":{"index":"index","follow":"follow","max-snippet":"max-snippet:-1","max-image-preview":"max-image-preview:large","max-video-preview":"max-video-preview:-1"},"canonical":"https:\/\/theologos-culturalclub.com\/de\/veranstaltung\/als-die-wassermuehlen-liefen\/","og_locale":"de_DE","og_type":"article","og_title":"\u201eAugust, Herr August\" - Ein R\u00fcckblick auf die Zeit \u201eals die Wasserm\u00fchlen noch liefen\" - theologos-culturalclub.com","og_description":"Sommerveranstaltungen 2026 \u201eAugust, Herr August&#8220; Ein R\u00fcckblick auf die Zeit \u201eals die Wasserm\u00fchlen noch liefen&#8220; Freitag, 31. Juli 2026|&nbsp;21:00 Uhr&nbsp;|Hauptplatz von Theologos Der Kulturverein Theologos \u201eChatzigiorgis&#8220; begr\u00fc\u00dft den August mit einer besonderen Veranstaltung, die den Traditionen, Geschm\u00e4ckern und Erinnerungen einer anderen Zeit gewidmet ist. In Theologos wird seit vielen Jahren der Brauch gepflegt, den Vorabend [&hellip;]","og_url":"https:\/\/theologos-culturalclub.com\/de\/veranstaltung\/als-die-wassermuehlen-liefen\/","og_site_name":"theologos-culturalclub.com","article_modified_time":"2026-07-26T21:15:34+00:00","og_image":[{"width":1880,"height":1576,"url":"https:\/\/theologos-culturalclub.com\/wp-content\/uploads\/fmt_redaktion\/veranstaltung\/2026\/34-527794292_24902441906020564_2586218886067891594_n.jpg","type":"image\/jpeg"}],"twitter_misc":{"Gesch\u00e4tzte Lesezeit":"2\u00a0Minuten"},"schema":{"@context":"https:\/\/schema.org","@graph":[{"@type":"WebPage","@id":"https:\/\/theologos-culturalclub.com\/de\/veranstaltung\/als-die-wassermuehlen-liefen\/","url":"https:\/\/theologos-culturalclub.com\/de\/veranstaltung\/als-die-wassermuehlen-liefen\/","name":"\u201eAugust, Herr August\" - Ein R\u00fcckblick auf die Zeit \u201eals die Wasserm\u00fchlen noch liefen\" - theologos-culturalclub.com","isPartOf":{"@id":"https:\/\/theologos-culturalclub.com\/de\/#website"},"primaryImageOfPage":{"@id":"https:\/\/theologos-culturalclub.com\/de\/veranstaltung\/als-die-wassermuehlen-liefen\/#primaryimage"},"image":{"@id":"https:\/\/theologos-culturalclub.com\/de\/veranstaltung\/als-die-wassermuehlen-liefen\/#primaryimage"},"thumbnailUrl":"https:\/\/theologos-culturalclub.com\/wp-content\/uploads\/fmt_redaktion\/veranstaltung\/2026\/34-527794292_24902441906020564_2586218886067891594_n.jpg","datePublished":"2026-07-17T15:42:59+00:00","dateModified":"2026-07-26T21:15:34+00:00","breadcrumb":{"@id":"https:\/\/theologos-culturalclub.com\/de\/veranstaltung\/als-die-wassermuehlen-liefen\/#breadcrumb"},"inLanguage":"de","potentialAction":[{"@type":"ReadAction","target":["https:\/\/theologos-culturalclub.com\/de\/veranstaltung\/als-die-wassermuehlen-liefen\/"]}]},{"@type":"ImageObject","inLanguage":"de","@id":"https:\/\/theologos-culturalclub.com\/de\/veranstaltung\/als-die-wassermuehlen-liefen\/#primaryimage","url":"https:\/\/theologos-culturalclub.com\/wp-content\/uploads\/fmt_redaktion\/veranstaltung\/2026\/34-527794292_24902441906020564_2586218886067891594_n.jpg","contentUrl":"https:\/\/theologos-culturalclub.com\/wp-content\/uploads\/fmt_redaktion\/veranstaltung\/2026\/34-527794292_24902441906020564_2586218886067891594_n.jpg","width":1880,"height":1576},{"@type":"BreadcrumbList","@id":"https:\/\/theologos-culturalclub.com\/de\/veranstaltung\/als-die-wassermuehlen-liefen\/#breadcrumb","itemListElement":[{"@type":"ListItem","position":1,"name":"Start","item":"https:\/\/theologos-culturalclub.com\/de\/"},{"@type":"ListItem","position":2,"name":"Veranstaltungen","item":"https:\/\/theologos-culturalclub.com\/de\/veranstaltung\/"},{"@type":"ListItem","position":3,"name":"\u201eAugust, Herr August&#8220; &#8211; Ein R\u00fcckblick auf die Zeit \u201eals die Wasserm\u00fchlen noch liefen&#8220;"}]},{"@type":"WebSite","@id":"https:\/\/theologos-culturalclub.com\/de\/#website","url":"https:\/\/theologos-culturalclub.com\/de\/","name":"\u03a0\u03bf\u03bb\u03b9\u03c4\u03b9\u03c3\u03c4\u03b9\u03ba\u03cc\u03c2 \u03a3\u03cd\u03bb\u03bb\u03bf\u03b3\u03bf\u03c2 \u00ab\u0398\u03b5\u03cc\u03bb\u03bf\u03b3\u03bf\u03c2\u00bb","description":"\u0391\u03c5\u03c4\u03ae \u03b5\u03af\u03bd\u03b1\u03b9 \u03b7 \u03b9\u03c3\u03c4\u03bf\u03c3\u03b5\u03bb\u03af\u03b4\u03b1 \u03c4\u03bf\u03c5 \u03a0\u03bf\u03bb\u03b9\u03c4\u03b9\u03c3\u03c4\u03b9\u03ba\u03bf\u03cd \u03a3\u03c5\u03bb\u03bb\u03cc\u03b3\u03bf\u03c5 \u00ab\u0398\u03b5\u03bf\u03bb\u03cc\u03b3\u03bf\u03c2\u00bb.","publisher":{"@id":"https:\/\/theologos-culturalclub.com\/de\/#organization"},"alternateName":"\u0391\u03c5\u03c4\u03ae \u03b5\u03af\u03bd\u03b1\u03b9 \u03b7 \u03b9\u03c3\u03c4\u03bf\u03c3\u03b5\u03bb\u03af\u03b4\u03b1 \u03c4\u03bf\u03c5 \u03a0\u03bf\u03bb\u03b9\u03c4\u03b9\u03c3\u03c4\u03b9\u03ba\u03bf\u03cd \u03a3\u03c5\u03bb\u03bb\u03cc\u03b3\u03bf\u03c5 \u00ab\u0398\u03b5\u03bf\u03bb\u03cc\u03b3\u03bf\u03c2\u00bb.","potentialAction":[{"@type":"SearchAction","target":{"@type":"EntryPoint","urlTemplate":"https:\/\/theologos-culturalclub.com\/de\/?s={search_term_string}"},"query-input":{"@type":"PropertyValueSpecification","valueRequired":true,"valueName":"search_term_string"}}],"inLanguage":"de"},{"@type":"Organization","@id":"https:\/\/theologos-culturalclub.com\/de\/#organization","name":"\u03a0\u03bf\u03bb\u03b9\u03c4\u03b9\u03c3\u03c4\u03b9\u03ba\u03cc\u03c2 \u03a3\u03cd\u03bb\u03bb\u03bf\u03b3\u03bf\u03c2 \u00ab\u0398\u03b5\u03cc\u03bb\u03bf\u03b3\u03bf\u03c2\u00bb","alternateName":"\u03a0\u03bf\u03bb\u03b9\u03c4\u03b9\u03c3\u03c4\u03b9\u03ba\u03cc\u03c2 \u03a3\u03cd\u03bb\u03bb\u03bf\u03b3\u03bf\u03c2 \u00ab\u0398\u03b5\u03cc\u03bb\u03bf\u03b3\u03bf\u03c2\u00bb","url":"https:\/\/theologos-culturalclub.com\/de\/","logo":{"@type":"ImageObject","inLanguage":"de","@id":"https:\/\/theologos-culturalclub.com\/de\/#\/schema\/logo\/image\/","url":"https:\/\/theologos-culturalclub.com\/wp-content\/uploads\/fmt-logo_696_2.png","contentUrl":"https:\/\/theologos-culturalclub.com\/wp-content\/uploads\/fmt-logo_696_2.png","width":696,"height":696,"caption":"\u03a0\u03bf\u03bb\u03b9\u03c4\u03b9\u03c3\u03c4\u03b9\u03ba\u03cc\u03c2 \u03a3\u03cd\u03bb\u03bb\u03bf\u03b3\u03bf\u03c2 \u00ab\u0398\u03b5\u03cc\u03bb\u03bf\u03b3\u03bf\u03c2\u00bb"},"image":{"@id":"https:\/\/theologos-culturalclub.com\/de\/#\/schema\/logo\/image\/"}}]}},"_links":{"self":[{"href":"https:\/\/theologos-culturalclub.com\/de\/wp-json\/wp\/v2\/veranstaltung\/2185","targetHints":{"allow":["GET"]}}],"collection":[{"href":"https:\/\/theologos-culturalclub.com\/de\/wp-json\/wp\/v2\/veranstaltung"}],"about":[{"href":"https:\/\/theologos-culturalclub.com\/de\/wp-json\/wp\/v2\/types\/veranstaltung"}],"wp:featuredmedia":[{"embeddable":true,"href":"https:\/\/theologos-culturalclub.com\/de\/wp-json\/wp\/v2\/media\/2186"}],"wp:attachment":[{"href":"https:\/\/theologos-culturalclub.com\/de\/wp-json\/wp\/v2\/media?parent=2185"}],"curies":[{"name":"wp","href":"https:\/\/api.w.org\/{rel}","templated":true}]}}